{"id":2930,"date":"2022-04-04T10:28:50","date_gmt":"2022-04-04T10:28:50","guid":{"rendered":"https:\/\/radwege-hamm.de\/wp\/?post_type=tribe_events&#038;p=2930"},"modified":"2022-04-04T11:35:57","modified_gmt":"2022-04-04T11:35:57","slug":"kidical-mass-hamm","status":"publish","type":"tribe_events","link":"https:\/\/radwege-hamm.de\/wp\/event\/kidical-mass-hamm\/","title":{"rendered":"Kidical Mass Hamm"},"content":{"rendered":"<div  class=\"tribe-events-schedule tribe-clearfix\" >\n\t<p class=\"tribe-events-schedule__datetime\">\n\t\t<span class=\"tribe-events-schedule__date tribe-events-schedule__date--start\">\n\t\t\t14. Mai 2022\t\t<\/span>\n\n\t\t\t\t\t<span class=\"tribe-events-schedule__separator tribe-events-schedule__separator--date\">\n\t\t\t\t @ \t\t\t<\/span>\n\t\t\t<span class=\"tribe-events-schedule__time tribe-events-schedule__time--start\">\n\t\t\t\t15:00\t\t\t<\/span>\n\t\t\n\t\t\t\t\t\t\t\t\t<span class=\"tribe-events-schedule__separator tribe-events-schedule__separator--time\">\n\t\t\t\t\t &#8211; \t\t\t\t<\/span>\n\t\t\t\n\t\t\t\t\t\t\t<span class=\"tribe-events-schedule__time tribe-events-schedule__time--end\">\n\t\t\t\t\t17:00\t\t\t\t<\/span>\n\t\t\t\n\t\t\t\t\t\t<\/p>\n<\/div>\n\n\n\n<div class=\"wp-block-image\"><figure class=\"alignleft size-full is-resized\"><img loading=\"lazy\" decoding=\"async\" src=\"https:\/\/radwege-hamm.de\/wp\/wp-content\/uploads\/2022\/02\/kidical-mass-logo-hamm.png\" alt=\"\" class=\"wp-image-2768\" width=\"286\" height=\"164\" srcset=\"https:\/\/radwege-hamm.de\/wp\/wp-content\/uploads\/2022\/02\/kidical-mass-logo-hamm.png 800w, https:\/\/radwege-hamm.de\/wp\/wp-content\/uploads\/2022\/02\/kidical-mass-logo-hamm-300x173.png 300w, https:\/\/radwege-hamm.de\/wp\/wp-content\/uploads\/2022\/02\/kidical-mass-logo-hamm-768x442.png 768w\" sizes=\"auto, (max-width: 286px) 100vw, 286px\" \/><\/figure><\/div>\n\n\n\n<p>Der ADFC Hamm veranstaltet erstmalig am 14. Mai 2022 eine Kidical Mass, das ist eine Fahrraddemo mit der Vision, dass sich Kinder und Jugendliche sicher und selbstst\u00e4ndig mit dem Fahrrad in Hamm bewegen k\u00f6nnen.&nbsp;<\/p>\n\n\n\n<p>In Hamm startet die Kidical Mass am 14. Mai um 15:00 Uhr am Marktplatz und endet am Exerzierplatz hinter dem Maximare. Dort ist ein Spielplatz mit viel Platz zum Toben und f\u00fcr ein gemeinsames Picknick im Anschluss an die Veranstaltung. Die Aktion ist als Demonstration bei der Polizei angemeldet. Dadurch ist gew\u00e4hrleistet, dass die Strecke von der Polizei gesichert wird und auch Kinder gefahrlos und sicher teilnehmen k\u00f6nnen.&nbsp; Wir wollen Spass haben. Musik per Bluetooth-Lautsprecher, Plakate, bunte Fahrr\u00e4der, Anh\u00e4nger, alle Ideen sind willkommen. Wir wollen damit zeigen, dass Stra\u00dfen nicht den Autos geh\u00f6ren sondern den Menschen.<\/p>\n\n\n<div  class=\"tribe-block tribe-block__event-price\" >\n\t\t<\/div>\n\n\n<div  class=\"tribe-block tribe-block__organizer__details tribe-clearfix\" >\n\t<div class=\"tribe-block__organizer__title\">\n\t\t<h3>ADFC Hamm<\/h3>\n\t<\/div>\n\t\t\t<\/div>\n\n\n<div  class=\"tribe-block tribe-block__venue tribe-clearfix tribe-block__venue--has-map\" >\n\t\n\t\n<div class=\"tribe-block__venue__meta\">\n\t<div class=\"tribe-block__venue__name\">\n\t\t<h3>Marktplatz Hamm<\/h3>\n\t<\/div>\n\n\t\n\t\t\t\t\t\t<address class=\"tribe-block__venue__address\">\n\t\t\t\t<span class=\"tribe-address\">\n\n<span class=\"tribe-street-address\">Marktplatz<\/span>\n\t\n\t\t<br>\n\t\t<span class=\"tribe-locality\">Hamm<\/span><span class=\"tribe-delimiter\">,<\/span>\n\n\n\t<span class=\"tribe-postal-code\">59065<\/span>\n\n\t<span class=\"tribe-country-name\">Deutschland<\/span>\n\n<\/span>\n\n\t\t\t\t\t\t\t\t\t<a class=\"tribe-events-gmap\" href=\"https:\/\/maps.google.com\/maps?f=q&#038;source=s_q&#038;hl=en&#038;geocode=&#038;q=Marktplatz+Hamm+59065+Deutschland\" title=\"Klicken, um Google Karte anzuzeigen\" target=\"_blank\" rel=\"noreferrer noopener\">Google Karte anzeigen<\/a>\t\t\t\t\t\t\t<\/address>\n\t\t\n\t\t\n\t\t\t\n\t<\/div>\n\t\n<div class=\"tribe-block__venue__map\">\n\t\n<iframe loading=\"lazy\"\n  title=\"Iframe von Google Maps, der die Adresse von Marktplatz Hamm anzeigt\"\n  aria-label=\"Karte des Veranstaltungsortes\"\n  width=\"310px\"\n  height=\"256px\"\n  frameborder=\"0\" style=\"border:0\"\n  src=\"https:\/\/www.google.com\/maps\/embed\/v1\/place?key=AIzaSyDNsicAsP6-VuGtAb1O9riI3oc_NOb7IOU&#038;q=Marktplatz+Hamm+59065+Deutschland+&#038;zoom=10\" allowfullscreen>\n<\/iframe>\n<\/div>\n\n\t<\/div>\n\n\n<div  class=\"tribe-block tribe-block__event-website\" >\n\t<a\n\t\thref=\"https:\/\/www.kidicalmass-hamm.de\"\n\t\ttarget=\"_self\"\n\t\t\t>\n\t\tWebsite Kidical Mass Hamm\t<\/a>\n<\/div>\n\n\n\t<div  class=\"tribe-block tribe-block__events-link\" >\n\t\t<div class=\"tribe-events tribe-common\">\n\t\t\t<div class=\"tribe-events-c-subscribe-dropdown__container\">\n\t\t\t\t<div class=\"tribe-events-c-subscribe-dropdown\">\n\t\t\t\t\t<div class=\"tribe-common-c-btn-border tribe-events-c-subscribe-dropdown__button\">\n\t\t\t\t\t\t<svg\n\t class=\"tribe-common-c-svgicon tribe-common-c-svgicon--cal-export tribe-events-c-subscribe-dropdown__export-icon\" \taria-hidden=\"true\"\n\tviewBox=\"0 0 23 17\"\n\txmlns=\"http:\/\/www.w3.org\/2000\/svg\"\n>\n\t<path fill-rule=\"evenodd\" clip-rule=\"evenodd\" d=\"M.128.896V16.13c0 .211.145.383.323.383h15.354c.179 0 .323-.172.323-.383V.896c0-.212-.144-.383-.323-.383H.451C.273.513.128.684.128.896Zm16 6.742h-.901V4.679H1.009v10.729h14.218v-3.336h.901V7.638ZM1.01 1.614h14.218v2.058H1.009V1.614Z\" \/>\n\t<path d=\"M20.5 9.846H8.312M18.524 6.953l2.89 2.909-2.855 2.855\" stroke-width=\"1.2\" stroke-linecap=\"round\" stroke-linejoin=\"round\"\/>\n<\/svg>\n\t\t\t\t\t\t<button\n\t\t\t\t\t\t\tclass=\"tribe-events-c-subscribe-dropdown__button-text\"\n\t\t\t\t\t\t\taria-expanded=\"false\"\n\t\t\t\t\t\t\taria-controls=\"tribe-events-subscribe-dropdown-content\"\n\t\t\t\t\t\t\taria-label=\"Zeige Links an um Veranstaltungen zu deinem Kalender hinzuzuf\u00fcgen\"\n\t\t\t\t\t\t>\n\t\t\t\t\t\t\tZum Kalender hinzuf\u00fcgen\t\t\t\t\t\t<\/button>\n\t\t\t\t\t\t<svg\n\t class=\"tribe-common-c-svgicon tribe-common-c-svgicon--caret-down tribe-events-c-subscribe-dropdown__button-icon\" \taria-hidden=\"true\"\n\tviewBox=\"0 0 10 7\"\n\txmlns=\"http:\/\/www.w3.org\/2000\/svg\"\n>\n\t<path fill-rule=\"evenodd\" clip-rule=\"evenodd\" d=\"M1.008.609L5 4.6 8.992.61l.958.958L5 6.517.05 1.566l.958-.958z\" class=\"tribe-common-c-svgicon__svg-fill\"\/>\n<\/svg>\n\t\t\t\t\t<\/div>\n\t\t\t\t\t<div id=\"tribe-events-subscribe-dropdown-content\" class=\"tribe-events-c-subscribe-dropdown__content\">\n\t\t\t\t\t\t<ul class=\"tribe-events-c-subscribe-dropdown__list\">\n\t\t\t\t\t\t\t\t\t\t\t\t\t\t\t<li class=\"tribe-events-c-subscribe-dropdown__list-item tribe-events-c-subscribe-dropdown__list-item--gcal\">\n\t\t\t\t\t\t\t\t\t<a\n\t\t\t\t\t\t\t\t\t\thref=\"https:\/\/www.google.com\/calendar\/event?action=TEMPLATE&#038;dates=20220514T150000\/20220514T170000&#038;text=Kidical%20Mass%20Hamm&#038;details=%3Cdiv+class%3D%22wp-block-image%22%3E%3Cfigure+class%3D%22alignleft+size-full+is-resized%22%3E%3Cimg+src%3D%22https%3A%2F%2Fradwege-hamm.de%2Fwp%2Fwp-content%2Fuploads%2F2022%2F02%2Fkidical-mass-logo-hamm.png%22+alt%3D%22%22+class%3D%22wp-image-2768%22+width%3D%22286%22+height%3D%22164%22%2F%3E%3C%2Ffigure%3E%3C%2Fdiv%3E%3Cp%3EDer+ADFC+Hamm+veranstaltet+erstmalig+am+14.+Mai+2022+eine+Kidical+Mass%2C+das+ist+eine+Fahrraddemo+mit+der+Vision%2C+dass+sich+Kinder+und+Jugendliche+sicher+und+selbstst%C3%A4ndig+mit+dem+Fahrrad+in+Hamm+bewegen+k%C3%B6nnen.%26nbsp%3B%3C%2Fp%3E+%3Cp%3EIn+Hamm+startet+die+Kidical+Mass+am+14.+Mai+um+15%3A00+Uhr+am+Marktplatz+und+endet+am+Exerzierplatz+hinter+dem+Maximare.+Dort+ist+ein+Spielplatz+mit+viel+Platz+zum+Toben+und+f%C3%BCr+ein+gemeinsames+Picknick+im+Anschluss+an+die+Veranstaltung.+Die+Aktion+ist+als+Demonstration+bei+der+Polizei+angemeldet.+Dadurch+ist+gew%C3%A4hrleistet%2C+dass+die+Strecke+von+der+Polizei+gesichert+wird+und+auch+Kinder+gefahrlos+und+sicher+teilnehmen+k%C3%B6nnen.%26nbsp%3B+Wir+wollen+Spass+haben.+Musik+per+Bluetooth-Lautsprecher%2C+Plakate%2C+bunte+Fahrr%C3%A4de%3C%2Fp%3E+%28Zeige+vollst%C3%A4ndige+Veranstaltung-Beschreibung+hier+an%3A+https%3A%2F%2Fradwege-hamm.de%2Fwp%2Fevent%2Fkidical-mass-hamm%2F%29&#038;location=Marktplatz%20Hamm,%20Marktplatz,%20Hamm,%2059065,%20Deutschland&#038;trp=false&#038;ctz=UTC+0&#038;sprop=website:https:\/\/radwege-hamm.de\/wp\"\n\t\t\t\t\t\t\t\t\t\tclass=\"tribe-events-c-subscribe-dropdown__list-item-link\"\n\t\t\t\t\t\t\t\t\t\ttarget=\"_blank\"\n\t\t\t\t\t\t\t\t\t\trel=\"noopener noreferrer nofollow noindex\"\n\t\t\t\t\t\t\t\t\t>\n\t\t\t\t\t\t\t\t\t\tGoogle Kalender\t\t\t\t\t\t\t\t\t<\/a>\n\t\t\t\t\t\t\t\t<\/li>\n\t\t\t\t\t\t\t\t\t\t\t\t\t\t\t<li class=\"tribe-events-c-subscribe-dropdown__list-item tribe-events-c-subscribe-dropdown__list-item--ical\">\n\t\t\t\t\t\t\t\t\t<a\n\t\t\t\t\t\t\t\t\t\thref=\"\"\n\t\t\t\t\t\t\t\t\t\tclass=\"tribe-events-c-subscribe-dropdown__list-item-link\"\n\t\t\t\t\t\t\t\t\t\ttarget=\"_blank\"\n\t\t\t\t\t\t\t\t\t\trel=\"noopener noreferrer nofollow noindex\"\n\t\t\t\t\t\t\t\t\t>\n\t\t\t\t\t\t\t\t\t\tiCalendar\t\t\t\t\t\t\t\t\t<\/a>\n\t\t\t\t\t\t\t\t<\/li>\n\t\t\t\t\t\t\t\t\t\t\t\t\t\t\t<li class=\"tribe-events-c-subscribe-dropdown__list-item tribe-events-c-subscribe-dropdown__list-item--outlook-365\">\n\t\t\t\t\t\t\t\t\t<a\n\t\t\t\t\t\t\t\t\t\thref=\"\"\n\t\t\t\t\t\t\t\t\t\tclass=\"tribe-events-c-subscribe-dropdown__list-item-link\"\n\t\t\t\t\t\t\t\t\t\ttarget=\"_blank\"\n\t\t\t\t\t\t\t\t\t\trel=\"noopener noreferrer nofollow noindex\"\n\t\t\t\t\t\t\t\t\t>\n\t\t\t\t\t\t\t\t\t\tOutlook 365\t\t\t\t\t\t\t\t\t<\/a>\n\t\t\t\t\t\t\t\t<\/li>\n\t\t\t\t\t\t\t\t\t\t\t\t\t\t\t<li class=\"tribe-events-c-subscribe-dropdown__list-item tribe-events-c-subscribe-dropdown__list-item--outlook-live\">\n\t\t\t\t\t\t\t\t\t<a\n\t\t\t\t\t\t\t\t\t\thref=\"\"\n\t\t\t\t\t\t\t\t\t\tclass=\"tribe-events-c-subscribe-dropdown__list-item-link\"\n\t\t\t\t\t\t\t\t\t\ttarget=\"_blank\"\n\t\t\t\t\t\t\t\t\t\trel=\"noopener noreferrer nofollow noindex\"\n\t\t\t\t\t\t\t\t\t>\n\t\t\t\t\t\t\t\t\t\tOutlook Live\t\t\t\t\t\t\t\t\t<\/a>\n\t\t\t\t\t\t\t\t<\/li>\n\t\t\t\t\t\t\t\t\t\t\t\t\t<\/ul>\n\t\t\t\t\t<\/div>\n\t\t\t\t<\/div>\n\t\t\t<\/div>\n\t\t<\/div>\n\t<\/div>\n\n","protected":false},"excerpt":{"rendered":"<p>Der ADFC Hamm veranstaltet erstmalig am 14. Mai 2022 eine Kidical Mass, das ist eine Fahrraddemo mit der Vision, dass sich Kinder und Jugendliche sicher und selbstst\u00e4ndig mit dem Fahrrad in Hamm bewegen k\u00f6nnen.&nbsp; In Hamm startet die Kidical Mass am 14. Mai um 15:00 Uhr am Marktplatz und endet [&hellip;]<\/p>\n","protected":false},"author":1,"featured_media":2768,"template":"","meta":{"_EventAllDay":false,"_EventTimezone":"UTC+0","_EventStartDate":"2022-05-14 15:00:00","_EventEndDate":"2022-05-14 17:00:00","_EventStartDateUTC":"2022-05-14 15:00:00","_EventEndDateUTC":"2022-05-14 17:00:00","_EventShowMap":true,"_EventShowMapLink":true,"_EventURL":"https:\/\/www.kidicalmass-hamm.de","_EventCost":"","_EventCostDescription":"","_EventCurrencySymbol":"\u20ac","_EventCurrencyCode":"EUR","_EventCurrencyPosition":"prefix","_EventDateTimeSeparator":" @ ","_EventTimeRangeSeparator":" - ","_EventOrganizerID":[2921],"_EventVenueID":[2931],"_OrganizerEmail":"","_OrganizerPhone":"","_OrganizerWebsite":"","_VenueAddress":"","_VenueCity":"","_VenueCountry":"","_VenueProvince":"","_VenueState":"","_VenueZip":"","_VenuePhone":"","_VenueURL":"","_VenueStateProvince":"","_VenueLat":"","_VenueLng":"","_VenueShowMap":false,"_VenueShowMapLink":false,"_themeisle_gutenberg_block_has_review":false,"_tribe_events_status":"","_tribe_events_status_reason":"","footnotes":""},"tags":[],"tribe_events_cat":[],"class_list":["post-2930","tribe_events","type-tribe_events","status-publish","has-post-thumbnail","hentry"],"_links":{"self":[{"href":"https:\/\/radwege-hamm.de\/wp\/wp-json\/wp\/v2\/tribe_events\/2930","targetHints":{"allow":["GET"]}}],"collection":[{"href":"https:\/\/radwege-hamm.de\/wp\/wp-json\/wp\/v2\/tribe_events"}],"about":[{"href":"https:\/\/radwege-hamm.de\/wp\/wp-json\/wp\/v2\/types\/tribe_events"}],"author":[{"embeddable":true,"href":"https:\/\/radwege-hamm.de\/wp\/wp-json\/wp\/v2\/users\/1"}],"version-history":[{"count":2,"href":"https:\/\/radwege-hamm.de\/wp\/wp-json\/wp\/v2\/tribe_events\/2930\/revisions"}],"predecessor-version":[{"id":2938,"href":"https:\/\/radwege-hamm.de\/wp\/wp-json\/wp\/v2\/tribe_events\/2930\/revisions\/2938"}],"wp:featuredmedia":[{"embeddable":true,"href":"https:\/\/radwege-hamm.de\/wp\/wp-json\/wp\/v2\/media\/2768"}],"wp:attachment":[{"href":"https:\/\/radwege-hamm.de\/wp\/wp-json\/wp\/v2\/media?parent=2930"}],"wp:term":[{"taxonomy":"post_tag","embeddable":true,"href":"https:\/\/radwege-hamm.de\/wp\/wp-json\/wp\/v2\/tags?post=2930"},{"taxonomy":"tribe_events_cat","embeddable":true,"href":"https:\/\/radwege-hamm.de\/wp\/wp-json\/wp\/v2\/tribe_events_cat?post=2930"}],"curies":[{"name":"wp","href":"https:\/\/api.w.org\/{rel}","templated":true}]}}