{"id":3181,"date":"2022-06-21T20:39:34","date_gmt":"2022-06-21T20:39:34","guid":{"rendered":"https:\/\/radwege-hamm.de\/wp\/?post_type=tribe_events&#038;p=3181"},"modified":"2022-06-21T20:40:59","modified_gmt":"2022-06-21T20:40:59","slug":"sattelfest","status":"publish","type":"tribe_events","link":"https:\/\/radwege-hamm.de\/wp\/event\/sattelfest\/","title":{"rendered":"Sattelfest"},"content":{"rendered":"<div  class=\"tribe-events-schedule tribe-clearfix\" >\n\t<p class=\"tribe-events-schedule__datetime\">\n\t\t<span class=\"tribe-events-schedule__date tribe-events-schedule__date--start\">\n\t\t\t24. Juli 2022\t\t<\/span>\n\n\t\t\t\t\t<span class=\"tribe-events-schedule__separator tribe-events-schedule__separator--date\">\n\t\t\t\t @ \t\t\t<\/span>\n\t\t\t<span class=\"tribe-events-schedule__time tribe-events-schedule__time--start\">\n\t\t\t\t09:00\t\t\t<\/span>\n\t\t\n\t\t\t\t\t\t\t\t\t<span class=\"tribe-events-schedule__separator tribe-events-schedule__separator--time\">\n\t\t\t\t\t &#8211; \t\t\t\t<\/span>\n\t\t\t\n\t\t\t\t\t\t\t<span class=\"tribe-events-schedule__time tribe-events-schedule__time--end\">\n\t\t\t\t\t18:00\t\t\t\t<\/span>\n\t\t\t\n\t\t\t\t\t\t<\/p>\n<\/div>\n\n\n\n<p>Das Sattel-Fest ist das gr\u00f6\u00dfte Fahrrad-Event seiner Art in Nordrhein-Westfalen. Dass es auch diesmal wieder nicht nur eine runde, sondern auch eine ausgesprochen bunte Angelegenheit wird, daf\u00fcr sorgen in bew\u00e4hrter Weise die vielen Rastst\u00e4tten, die mit au\u00dfergew\u00f6hnlichem Engagement, insbesondere bei den Dorfgemeinschaften die \u00fcber 42 km lange Route mit phantasievollen Aktionen und leckeren Pausenangeboten s\u00e4umen und damit ma\u00dfgeblich zum besonderen Flair der Veranstaltung beitragen.<strong>&nbsp;<\/strong><\/p>\n\n\n<div  class=\"tribe-block tribe-block__event-price\" >\n\t\t<\/div>\n\n\n\n\n<div  class=\"tribe-block tribe-block__venue tribe-clearfix tribe-block__venue--has-map\" >\n\t\n\t\t\n\t<\/div>\n\n\n<div  class=\"tribe-block tribe-block__event-website\" >\n\t<a\n\t\thref=\"https:\/\/www.sattel-fest.com\"\n\t\ttarget=\"_self\"\n\t\t\t>\n\t\tHomepage Sattelfest\t<\/a>\n<\/div>\n\n\n\t<div  class=\"tribe-block tribe-block__events-link\" >\n\t\t<div class=\"tribe-events tribe-common\">\n\t\t\t<div class=\"tribe-events-c-subscribe-dropdown__container\">\n\t\t\t\t<div class=\"tribe-events-c-subscribe-dropdown\">\n\t\t\t\t\t<div class=\"tribe-common-c-btn-border tribe-events-c-subscribe-dropdown__button\">\n\t\t\t\t\t\t<svg\n\t class=\"tribe-common-c-svgicon tribe-common-c-svgicon--cal-export tribe-events-c-subscribe-dropdown__export-icon\" \taria-hidden=\"true\"\n\tviewBox=\"0 0 23 17\"\n\txmlns=\"http:\/\/www.w3.org\/2000\/svg\"\n>\n\t<path fill-rule=\"evenodd\" clip-rule=\"evenodd\" d=\"M.128.896V16.13c0 .211.145.383.323.383h15.354c.179 0 .323-.172.323-.383V.896c0-.212-.144-.383-.323-.383H.451C.273.513.128.684.128.896Zm16 6.742h-.901V4.679H1.009v10.729h14.218v-3.336h.901V7.638ZM1.01 1.614h14.218v2.058H1.009V1.614Z\" \/>\n\t<path d=\"M20.5 9.846H8.312M18.524 6.953l2.89 2.909-2.855 2.855\" stroke-width=\"1.2\" stroke-linecap=\"round\" stroke-linejoin=\"round\"\/>\n<\/svg>\n\t\t\t\t\t\t<button\n\t\t\t\t\t\t\tclass=\"tribe-events-c-subscribe-dropdown__button-text\"\n\t\t\t\t\t\t\taria-expanded=\"false\"\n\t\t\t\t\t\t\taria-controls=\"tribe-events-subscribe-dropdown-content\"\n\t\t\t\t\t\t\taria-label=\"Zeige Links an um Veranstaltungen zu deinem Kalender hinzuzuf\u00fcgen\"\n\t\t\t\t\t\t>\n\t\t\t\t\t\t\tZum Kalender hinzuf\u00fcgen\t\t\t\t\t\t<\/button>\n\t\t\t\t\t\t<svg\n\t class=\"tribe-common-c-svgicon tribe-common-c-svgicon--caret-down tribe-events-c-subscribe-dropdown__button-icon\" \taria-hidden=\"true\"\n\tviewBox=\"0 0 10 7\"\n\txmlns=\"http:\/\/www.w3.org\/2000\/svg\"\n>\n\t<path fill-rule=\"evenodd\" clip-rule=\"evenodd\" d=\"M1.008.609L5 4.6 8.992.61l.958.958L5 6.517.05 1.566l.958-.958z\" class=\"tribe-common-c-svgicon__svg-fill\"\/>\n<\/svg>\n\t\t\t\t\t<\/div>\n\t\t\t\t\t<div id=\"tribe-events-subscribe-dropdown-content\" class=\"tribe-events-c-subscribe-dropdown__content\">\n\t\t\t\t\t\t<ul class=\"tribe-events-c-subscribe-dropdown__list\">\n\t\t\t\t\t\t\t\t\t\t\t\t\t\t\t<li class=\"tribe-events-c-subscribe-dropdown__list-item tribe-events-c-subscribe-dropdown__list-item--gcal\">\n\t\t\t\t\t\t\t\t\t<a\n\t\t\t\t\t\t\t\t\t\thref=\"https:\/\/www.google.com\/calendar\/event?action=TEMPLATE&#038;dates=20220724T090000\/20220724T180000&#038;text=Sattelfest&#038;details=%3Cp%3EDas+Sattel-Fest+ist+das+gr%C3%B6%C3%9Fte+Fahrrad-Event+seiner+Art+in+Nordrhein-Westfalen.+Dass+es+auch+diesmal+wieder+nicht+nur+eine+runde%2C+sondern+auch+eine+ausgesprochen+bunte+Angelegenheit+wird%2C+daf%C3%BCr+sorgen+in+bew%C3%A4hrter+Weise+die+vielen+Rastst%C3%A4tten%2C+die+mit+au%C3%9Fergew%C3%B6hnlichem+Engagement%2C+insbesondere+bei+den+Dorfgemeinschaften+die+%C3%BCber+42+km+lange+Route+mit+phantasievollen+Aktionen+und+leckeren+Pausenangeboten+s%C3%A4umen+und+damit+ma%C3%9Fgeblich+zum+besonderen+Flair+der+Veranstaltung+beitragen.%3Cstrong%3E%26nbsp%3B%3C%2Fstrong%3E%3C%2Fp%3E+&#038;trp=false&#038;ctz=UTC+0&#038;sprop=website:https:\/\/radwege-hamm.de\/wp\"\n\t\t\t\t\t\t\t\t\t\tclass=\"tribe-events-c-subscribe-dropdown__list-item-link\"\n\t\t\t\t\t\t\t\t\t\ttarget=\"_blank\"\n\t\t\t\t\t\t\t\t\t\trel=\"noopener noreferrer nofollow noindex\"\n\t\t\t\t\t\t\t\t\t>\n\t\t\t\t\t\t\t\t\t\tGoogle Kalender\t\t\t\t\t\t\t\t\t<\/a>\n\t\t\t\t\t\t\t\t<\/li>\n\t\t\t\t\t\t\t\t\t\t\t\t\t\t\t<li class=\"tribe-events-c-subscribe-dropdown__list-item tribe-events-c-subscribe-dropdown__list-item--ical\">\n\t\t\t\t\t\t\t\t\t<a\n\t\t\t\t\t\t\t\t\t\thref=\"\"\n\t\t\t\t\t\t\t\t\t\tclass=\"tribe-events-c-subscribe-dropdown__list-item-link\"\n\t\t\t\t\t\t\t\t\t\ttarget=\"_blank\"\n\t\t\t\t\t\t\t\t\t\trel=\"noopener noreferrer nofollow noindex\"\n\t\t\t\t\t\t\t\t\t>\n\t\t\t\t\t\t\t\t\t\tiCalendar\t\t\t\t\t\t\t\t\t<\/a>\n\t\t\t\t\t\t\t\t<\/li>\n\t\t\t\t\t\t\t\t\t\t\t\t\t\t\t<li class=\"tribe-events-c-subscribe-dropdown__list-item tribe-events-c-subscribe-dropdown__list-item--outlook-365\">\n\t\t\t\t\t\t\t\t\t<a\n\t\t\t\t\t\t\t\t\t\thref=\"\"\n\t\t\t\t\t\t\t\t\t\tclass=\"tribe-events-c-subscribe-dropdown__list-item-link\"\n\t\t\t\t\t\t\t\t\t\ttarget=\"_blank\"\n\t\t\t\t\t\t\t\t\t\trel=\"noopener noreferrer nofollow noindex\"\n\t\t\t\t\t\t\t\t\t>\n\t\t\t\t\t\t\t\t\t\tOutlook 365\t\t\t\t\t\t\t\t\t<\/a>\n\t\t\t\t\t\t\t\t<\/li>\n\t\t\t\t\t\t\t\t\t\t\t\t\t\t\t<li class=\"tribe-events-c-subscribe-dropdown__list-item tribe-events-c-subscribe-dropdown__list-item--outlook-live\">\n\t\t\t\t\t\t\t\t\t<a\n\t\t\t\t\t\t\t\t\t\thref=\"\"\n\t\t\t\t\t\t\t\t\t\tclass=\"tribe-events-c-subscribe-dropdown__list-item-link\"\n\t\t\t\t\t\t\t\t\t\ttarget=\"_blank\"\n\t\t\t\t\t\t\t\t\t\trel=\"noopener noreferrer nofollow noindex\"\n\t\t\t\t\t\t\t\t\t>\n\t\t\t\t\t\t\t\t\t\tOutlook Live\t\t\t\t\t\t\t\t\t<\/a>\n\t\t\t\t\t\t\t\t<\/li>\n\t\t\t\t\t\t\t\t\t\t\t\t\t<\/ul>\n\t\t\t\t\t<\/div>\n\t\t\t\t<\/div>\n\t\t\t<\/div>\n\t\t<\/div>\n\t<\/div>\n\n","protected":false},"excerpt":{"rendered":"<p>Das Sattel-Fest ist das gr\u00f6\u00dfte Fahrrad-Event seiner Art in Nordrhein-Westfalen. Dass es auch diesmal wieder nicht nur eine runde, sondern auch eine ausgesprochen bunte Angelegenheit wird, daf\u00fcr sorgen in bew\u00e4hrter Weise die vielen Rastst\u00e4tten, die mit au\u00dfergew\u00f6hnlichem Engagement, insbesondere bei den Dorfgemeinschaften die \u00fcber 42 km lange Route mit phantasievollen [&hellip;]<\/p>\n","protected":false},"author":1,"featured_media":0,"template":"","meta":{"_EventAllDay":false,"_EventTimezone":"UTC+0","_EventStartDate":"2022-07-24 09:00:00","_EventEndDate":"2022-07-24 18:00:00","_EventStartDateUTC":"2022-07-24 09:00:00","_EventEndDateUTC":"2022-07-24 18:00:00","_EventShowMap":true,"_EventShowMapLink":true,"_EventURL":"https:\/\/www.sattel-fest.com","_EventCost":"","_EventCostDescription":"","_EventCurrencySymbol":"\u20ac","_EventCurrencyCode":"EUR","_EventCurrencyPosition":"prefix","_EventDateTimeSeparator":" @ ","_EventTimeRangeSeparator":" - ","_EventOrganizerID":[],"_EventVenueID":[0],"_OrganizerEmail":"","_OrganizerPhone":"","_OrganizerWebsite":"","_VenueAddress":"","_VenueCity":"","_VenueCountry":"","_VenueProvince":"","_VenueState":"","_VenueZip":"","_VenuePhone":"","_VenueURL":"","_VenueStateProvince":"","_VenueLat":"","_VenueLng":"","_VenueShowMap":false,"_VenueShowMapLink":false,"_themeisle_gutenberg_block_has_review":false,"_tribe_events_status":"","_tribe_events_status_reason":"","footnotes":""},"tags":[],"tribe_events_cat":[],"class_list":["post-3181","tribe_events","type-tribe_events","status-publish","hentry"],"_links":{"self":[{"href":"https:\/\/radwege-hamm.de\/wp\/wp-json\/wp\/v2\/tribe_events\/3181","targetHints":{"allow":["GET"]}}],"collection":[{"href":"https:\/\/radwege-hamm.de\/wp\/wp-json\/wp\/v2\/tribe_events"}],"about":[{"href":"https:\/\/radwege-hamm.de\/wp\/wp-json\/wp\/v2\/types\/tribe_events"}],"author":[{"embeddable":true,"href":"https:\/\/radwege-hamm.de\/wp\/wp-json\/wp\/v2\/users\/1"}],"version-history":[{"count":2,"href":"https:\/\/radwege-hamm.de\/wp\/wp-json\/wp\/v2\/tribe_events\/3181\/revisions"}],"predecessor-version":[{"id":3183,"href":"https:\/\/radwege-hamm.de\/wp\/wp-json\/wp\/v2\/tribe_events\/3181\/revisions\/3183"}],"wp:attachment":[{"href":"https:\/\/radwege-hamm.de\/wp\/wp-json\/wp\/v2\/media?parent=3181"}],"wp:term":[{"taxonomy":"post_tag","embeddable":true,"href":"https:\/\/radwege-hamm.de\/wp\/wp-json\/wp\/v2\/tags?post=3181"},{"taxonomy":"tribe_events_cat","embeddable":true,"href":"https:\/\/radwege-hamm.de\/wp\/wp-json\/wp\/v2\/tribe_events_cat?post=3181"}],"curies":[{"name":"wp","href":"https:\/\/api.w.org\/{rel}","templated":true}]}}